{"id":238265,"date":"2022-09-01T12:25:17","date_gmt":"2022-09-01T10:25:17","guid":{"rendered":"https:\/\/www.ferrovial.com\/concurso-fotografia-urbanpeek-2022\/"},"modified":"2022-09-28T16:45:21","modified_gmt":"2022-09-28T14:45:21","slug":"concurso-fotografia-urbanpeek-2022","status":"publish","type":"page","link":"https:\/\/www.ferrovial.com\/es-es\/concurso-fotografia-urbanpeek-2022\/","title":{"rendered":"Concurso #UrbanPeek 2022"},"content":{"rendered":"    <m-hero type='single' :translations='{\n        &quot;play&quot;:&quot;Reproducir v\u00eddeo de fondo&quot;,\n        &quot;pause&quot;:&quot;Pausar v\u00eddeo de fondo&quot;,\n        &quot;prev&quot;:&quot;Anterior&quot;,\n        &quot;next&quot;:&quot;Siguiente&quot;,\n        &quot;paginationseparator&quot;:&quot;de&quot;,\n        &quot;goto&quot;:&quot;Ir al slide&quot;,\n        &quot;external&quot;:&quot;Abrir una nueva ventana&quot;\n    }'>\n            <c-breadcrumb label-text=\"Breadcrumb\" slot=\"breadcrumbs\" type='1' align='left left' wrap='wrapped wrapped'>\n                        <ol>\n\n                                                            <li><a href=\"https:\/\/www.ferrovial.com\/es-es\/\" title=\"Ferrovial\">Ferrovial<\/a><\/li>\n                                    \n                <\/ol>\n\n                <\/c-breadcrumb>\n    \n                        <div slot=\"carouselItem\">\n                            <c-background-image>\n                                <picture>\n                                                                            <source media=\"(max-width: 667px)\" srcset=\"https:\/\/static.ferrovial.com\/wp-content\/uploads\/2022\/09\/01125802\/4th-winner-urbanpeek-fernandvicent-600x800.jpg\">\n                                                                                                                <source media=\"(max-width: 1023px)\" srcset=\"https:\/\/static.ferrovial.com\/wp-content\/uploads\/2022\/09\/01125802\/4th-winner-urbanpeek-fernandvicent-1080x720.jpg\">\n                                    \n                                    <img decoding=\"async\" src=\"https:\/\/static.ferrovial.com\/wp-content\/uploads\/2022\/09\/01125802\/4th-winner-urbanpeek-fernandvicent.jpg\" alt=\"\" style=\"object-position: center center;\">\n                                <\/picture>\n                            <\/c-background-image>\n                        <\/div>        <section slot=\"hero\">\n            <article>\n                                        <h1>#UrbanPeek<\/h1>\n                                                <p>Descripci\u00f3n por defecto<\/p>\n                                    <\/article>\n        <\/section>\n    <\/m-hero>\n\n    \n\n\n<m-wysiwig class=\"wp-block-components-wysiwyg\"><div slot=\"maincontent\">\n<figure class=\"wp-block-embed is-type-video is-provider-youtube wp-block-embed-youtube wp-embed-aspect-4-3 wp-has-aspect-ratio\"><div class=\"wp-block-embed__wrapper\">\n<iframe loading=\"lazy\" title=\"Premios #URBANPEEK\" width=\"500\" height=\"281\" src=\"https:\/\/www.youtube.com\/embed\/C-39oU5dz3Q?feature=oembed\" frameborder=\"0\" allow=\"accelerometer; autoplay; clipboard-write; encrypted-media; gyroscope; picture-in-picture; web-share\" referrerpolicy=\"strict-origin-when-cross-origin\" allowfullscreen><\/iframe>\n<\/div><\/figure>\n<\/div><\/m-wysiwig>\n\n\n\n<m-wysiwig class=\"wp-block-components-wysiwyg\"><div slot=\"maincontent\">    <p class=\"intro\">\u00a1Llega la nueva edici\u00f3n de nuestro concurso de fotograf\u00eda en Instagram que organizamos con Instagramers!<\/p>\n    \n\n\n<p>Tras el \u00e9xito de las anteriores ediciones, que recibieron m\u00e1s de <strong>19.000 fotos<\/strong>, \u00a1volvemos con la quinta edici\u00f3n del concurso de fotos de arquitectura urbana <strong>#Urbanpeek<\/strong>!  <\/p>\n\n\n\n<p> Este a\u00f1o lo hacemos de una manera muy especial, ya que lo lanzamos coincidiendo con <a href=\"https:\/\/www.ferrovial.com\/es\/jose-manuel-ballester\/exposicion\/\">Exposici\u00f3n \u00abCreaci\u00f3n en movimiento: Ferrovial en la mirada de Jos\u00e9 Manuel Ballester\u00bb<\/a>, una colaboraci\u00f3n entre la compa\u00f1\u00eda y el prestigioso fot\u00f3grafo. Para inspiraros en el concurso, os invitamos a visitarla gratis en el <a href=\"https:\/\/espacio.fundaciontelefonica.com\/evento\/creacion-en-movimiento-ferrovial-en-la-mirada-de-jose-manuel-ballester\/\" target=\"_blank\" rel=\"noreferrer noopener nofollow\">Espacio Fundaci\u00f3n Telef\u00f3nica de Madrid<\/a>.<\/p>\n\n\n\n<p>Para celebrarlo podr\u00e1s ganar un <a href=\"https:\/\/www.apple.com\/es\/iphone-13\/\" target=\"_blank\" rel=\"noreferrer noopener nofollow\">iPhone 13<\/a> participando en nuestro nuevo concurso en Instagram. <\/p>\n<\/div><\/m-wysiwig>\n\n\n\n<m-wysiwig class=\"wp-block-components-wysiwyg\"><div slot=\"maincontent\">\n<h2 class=\"wp-block-heading\">\u00bfC\u00f3mo puedes participar?<\/h2>\n\n\n\n<ul class=\"wp-block-list\"><li>Comparte tus mejores fotos de la ciudad, de tus edificios favoritos o de infraestructuras urbanas con el hashtag <strong>#UrbanPeek<\/strong> del <strong>05 al 25 de septiembre 2022<\/strong>.<\/li><li>Sigue la cuenta de <a href=\"https:\/\/www.instagram.com\/ferrovial\/?hl=es\" target=\"_blank\" rel=\"noreferrer noopener nofollow\"><strong>@ferrovial<\/strong> en Instagram<\/a>.<\/li><li>Tus fotos podr\u00edan ser una de las <strong>10 finalistas<\/strong> que ser\u00e1n presentadas el d\u00eda <strong>29 de septiembre a partir de las 19h <\/strong>en una ceremonia que se celebrar\u00e1 en el <strong>espacio Auditorio de Fundaci\u00f3n Telef\u00f3nica de Madrid<\/strong>. Entre todas ellas se presentar\u00e1 la foto ganadora, cuyo autor se llevar\u00e1 un tel\u00e9fono m\u00f3vil modelo iPhone 13.<\/li><li><strong>Los 10 finalistas se llevar\u00e1n de regalo <\/strong>el libro exclusivo con las fotograf\u00edas m\u00e1s destacadas de la <a href=\"https:\/\/www.ferrovial.com\/es\/jose-manuel-ballester\/proyectos\/\" target=\"_blank\" rel=\"noreferrer noopener\">Exposici\u00f3n \u00abCreaci\u00f3n en Movimiento\u00bb<\/a>.<\/li><\/ul>\n\n\n\n<p>El <strong> 29 de septiembre anunciaremos al ganador y las dos menciones honorables<\/strong> en un evento online que se retrasmitir\u00e1 en directo desde el <a href=\"https:\/\/espacio.fundaciontelefonica.com\/evento\/creacion-en-movimiento-ferrovial-en-la-mirada-de-jose-manuel-ballester\/\" target=\"_blank\" rel=\"noreferrer noopener\">Espacio Fundaci\u00f3n Telef\u00f3nica<\/a>.<\/p>\n\n\n\n<p><strong>\u00a1An\u00edmate a participar y llena el muro de Instagram de fotos urbanas!<\/strong><\/p>\n\n\n\n<p>Consulta las <a href=\"https:\/\/static.ferrovial.com\/wp-content\/uploads\/2022\/09\/05141011\/bases-legales-urbanpeek-2022-2.pdf\">bases legales aqu\u00ed<\/a>.<\/p>\n<\/div><\/m-wysiwig>\n\n\n    <m-gallery :translations='{\n        &quot;prev&quot;:&quot;Anterior&quot;,\n        &quot;next&quot;:&quot;Siguiente&quot;,\n        &quot;paginationseparator&quot;:&quot;de&quot;,\n        &quot;close&quot;:&quot;Cerrar&quot;\n    }' class='gutenberg'>\n\n    <div slot=\"header\">\n                    <h2>Ediciones anteriores<\/h2>\n                        <p>Descripci\u00f3n por defecto<\/p>\n                <\/div>\n\n                    <div slot=\"carouselItem\" v-lazy:background-image=\"'https:\/\/static.ferrovial.com\/wp-content\/uploads\/2022\/09\/01125802\/4th-winner-urbanpeek-fernandvicent-1080x720.jpg'\">\n                                            <p>4\u00aa edici\u00f3n (2021). Foto de Fernand Vicent<\/p>\n                                        <\/div>\n                                <div slot=\"carouselItem\" v-lazy:background-image=\"'https:\/\/static.ferrovial.com\/wp-content\/uploads\/2020\/04\/13125108\/stopderoc-1280x720.jpg'\">\n                                            <p>1\u00aa edici\u00f3n (2016). Foto de Stopderoc<\/p>\n                                        <\/div>\n                                <div slot=\"carouselItem\" v-lazy:background-image=\"'https:\/\/static.ferrovial.com\/wp-content\/uploads\/2020\/04\/13125106\/jump_rrmontero-684x720.jpg'\">\n                                            <p>2\u00aa edici\u00f3n (2017). Foto de R.R. Montero<\/p>\n                                        <\/div>\n                                <div slot=\"carouselItem\" v-lazy:background-image=\"'https:\/\/static.ferrovial.com\/wp-content\/uploads\/2020\/05\/13124731\/winner-gipive-httpswww-instagram-compb_iq2nkk98l-1080x720.jpg'\">\n                                            <p>3\u00aa edici\u00f3n (2020). Foto de @Gipive<\/p>\n                                        <\/div>\n                                <div slot=\"carouselItem\" v-lazy:background-image=\"'https:\/\/static.ferrovial.com\/wp-content\/uploads\/2020\/04\/13125054\/ganador-urbanpeek-rrmontero-1280x720.jpg'\">\n                                    <\/div>\n                                <div slot=\"carouselItem\" v-lazy:background-image=\"'https:\/\/static.ferrovial.com\/wp-content\/uploads\/2020\/04\/13125101\/francisco-polo-ferrovial-urbanpeek-2.jpg'\">\n                                    <\/div>\n                                <div slot=\"carouselItem\" v-lazy:background-image=\"'https:\/\/static.ferrovial.com\/wp-content\/uploads\/2020\/04\/13125045\/foto-exposicion-urbanpeek-2016-1280x720.jpg'\">\n                                    <\/div>\n                                <div slot=\"carouselItem\" v-lazy:background-image=\"'https:\/\/static.ferrovial.com\/wp-content\/uploads\/2020\/04\/13125047\/finalistas-y-ganador-evento-urbanpeek-2016-2-1280x720.jpg'\">\n                                    <\/div>\n                                <div slot=\"carouselItem\" v-lazy:background-image=\"'https:\/\/static.ferrovial.com\/wp-content\/uploads\/2020\/04\/13125048\/urbanpeek-foto-1280x720.jpg'\">\n                                    <\/div>\n                                <div slot=\"modalItem\">\n                    <img v-lazy=\"'https:\/\/static.ferrovial.com\/wp-content\/uploads\/2022\/09\/01125802\/4th-winner-urbanpeek-fernandvicent-1080x720.jpg'\" alt=\"Winner Picture 4th UrbanPeek - FernandVicent\" hidden\/>\n                <\/div>\n                                <div slot=\"modalItem\">\n                    <img v-lazy=\"'https:\/\/static.ferrovial.com\/wp-content\/uploads\/2020\/04\/13125108\/stopderoc-1280x720.jpg'\" alt=\"\" hidden\/>\n                <\/div>\n                                <div slot=\"modalItem\">\n                    <img v-lazy=\"'https:\/\/static.ferrovial.com\/wp-content\/uploads\/2020\/04\/13125106\/jump_rrmontero-684x720.jpg'\" alt=\"\" hidden\/>\n                <\/div>\n                                <div slot=\"modalItem\">\n                    <img v-lazy=\"'https:\/\/static.ferrovial.com\/wp-content\/uploads\/2020\/05\/13124731\/winner-gipive-httpswww-instagram-compb_iq2nkk98l-1080x720.jpg'\" alt=\"winner #UrbanPeekAtHome - gipive httpswww.instagram.compB_iq2nkK98l\" hidden\/>\n                <\/div>\n                                <div slot=\"modalItem\">\n                    <img v-lazy=\"'https:\/\/static.ferrovial.com\/wp-content\/uploads\/2020\/04\/13125054\/ganador-urbanpeek-rrmontero-1280x720.jpg'\" alt=\"\" hidden\/>\n                <\/div>\n                                <div slot=\"modalItem\">\n                    <img v-lazy=\"'https:\/\/static.ferrovial.com\/wp-content\/uploads\/2020\/04\/13125101\/francisco-polo-ferrovial-urbanpeek-2.jpg'\" alt=\"\" hidden\/>\n                <\/div>\n                                <div slot=\"modalItem\">\n                    <img v-lazy=\"'https:\/\/static.ferrovial.com\/wp-content\/uploads\/2020\/04\/13125045\/foto-exposicion-urbanpeek-2016-1280x720.jpg'\" alt=\"\" hidden\/>\n                <\/div>\n                                <div slot=\"modalItem\">\n                    <img v-lazy=\"'https:\/\/static.ferrovial.com\/wp-content\/uploads\/2020\/04\/13125047\/finalistas-y-ganador-evento-urbanpeek-2016-2-1280x720.jpg'\" alt=\"\" hidden\/>\n                <\/div>\n                                <div slot=\"modalItem\">\n                    <img v-lazy=\"'https:\/\/static.ferrovial.com\/wp-content\/uploads\/2020\/04\/13125048\/urbanpeek-foto-1280x720.jpg'\" alt=\"\" hidden\/>\n                <\/div>\n                    <\/m-gallery>\n\n    \n\n\n<m-wysiwig class=\"wp-block-components-wysiwyg\"><div slot=\"maincontent\">\n<h2 class=\"wp-block-heading\">\u00bfQu\u00e9 es #UrbanPeek?<\/h2>\n\n\n\n<p>#<a class=\"ek-link\" href=\"https:\/\/www.instagram.com\/explore\/tags\/urbanpeek\/\">UrbanPeek <\/a>es un concurso referencia de fotograf\u00eda urbana en Instagram que organizamos con Instagramers y que este a\u00f1o celebra su cuarta edici\u00f3n. En total ya hay m\u00e1s de 19.000 participaciones con el hashtag. <\/p>\n\n\n\n<p>Nuestro objetivo es motivar el talento de todos vosotros y llenar Instagram de aquellos rincones, puntos de vista y referencias favoritas de nuestras ciudades. \u00a1Llenemos Instagram de fotograf\u00edas urbanas, creativas y art\u00edsticas! <\/p>\n\n\n\n<p>Este a\u00f1o nos aliamos lo lanzamos en el marco de la Exposici\u00f3n \u00abCreaci\u00f3n en movimiento: Ferrovial en la mirada de Jos\u00e9 Manuel Ballester\u00bb, que cuentan el viaje del artista a trav\u00e9s de las infraestructuras de Ferrovial. Entre todos los participantes, elegiremos a 10 finalistas, cuyas fotos publicaremos en una galer\u00eda virtual. De todas ellas, saldr\u00e1 el ganador. <\/p>\n\n\n\n<h3 class=\"wp-block-heading\">\u00a1Gracias por participar y mucha suerte!<\/h3>\n<\/div><\/m-wysiwig>\n\n\n    <m-video >\n                <a class='m-video__modal' slot='modal' href='https:\/\/www.youtube-nocookie.com\/embed\/3gWEKK_Ekwc'>\n            <img slot=\"poster\" v-lazy=\"'https:\/\/static.ferrovial.com\/wp-content\/uploads\/2020\/04\/13125052\/logo-urbanpeek.jpg'\" title=\"\" width=\"1000\" height=\"100%\" >\n        <\/a>\n            <\/m-video>\n    \n\n\n    <m-distributor-basic bgimg='https:\/\/static.ferrovial.com\/wp-content\/uploads\/2020\/04\/13125050\/mosaico-finalistas-urbanpeek.png'>\n                        <h2 slot=\"label\">\n                    #Urbanpeek                <\/h2>\n                                <h3 slot=\"title\">\n                    As\u00ed fue la edici\u00f3n anterior                <\/h3>\n                                <p slot=\"text\">\n                    Compartimos las 20 mejores fotos de la IV edici\u00f3n de #UrbanPeek                <\/p>\n                                    <c-button slot='cta' type='primary' disabled='false' href='https:\/\/newsroom.ferrovial.com\/en\/news\/finalists-urbanpeek-iv-edition-photo-contest-instagram\/' target='_blank' sr-only='Abrir en una nueva pesta\u00f1a' icon='true'>\n                        <span>Accede a la galer\u00eda aqu\u00ed<\/span>\n                                            <c-icon icon=\"external\" size=\"s\">\n                        <\/c-icon>\n                                        <\/c-button>\n                    \n        \n\n    <\/m-distributor-basic>\n    ","protected":false},"excerpt":{"rendered":"","protected":false},"featured_media":0,"parent":0,"menu_order":0,"comment_status":"closed","ping_status":"closed","template":"","meta":{"_acf_changed":false,"footnotes":""},"class_list":["post-238265","page","type-page","status-publish","hentry"],"acf":[],"yoast_head":"<!-- This site is optimized with the Yoast SEO plugin v27.2 - https:\/\/yoast.com\/product\/yoast-seo-wordpress\/ -->\n<title>Concurso #UrbanPeek 2022 - Ferrovial<\/title>\n<meta name=\"description\" content=\"Welcome to the Ferrovial&#039;s website, global operator of sustainable infrastructure. Here you can find all the information about the company and subsidiaries.\" \/>\n<meta name=\"robots\" content=\"index, follow, max-snippet:-1, max-image-preview:large, max-video-preview:-1\" \/>\n<link rel=\"canonical\" href=\"https:\/\/www.ferrovial.com\/es-es\/concurso-fotografia-urbanpeek-2022\/\" \/>\n<meta property=\"og:locale\" content=\"es_ES\" \/>\n<meta property=\"og:type\" content=\"article\" \/>\n<meta property=\"og:title\" content=\"Concurso #UrbanPeek 2022 - Ferrovial\" \/>\n<meta property=\"og:description\" content=\"Welcome to the Ferrovial&#039;s website, global operator of sustainable infrastructure. Here you can find all the information about the company and subsidiaries.\" \/>\n<meta property=\"og:url\" content=\"https:\/\/www.ferrovial.com\/es-es\/concurso-fotografia-urbanpeek-2022\/\" \/>\n<meta property=\"og:site_name\" content=\"Ferrovial\" \/>\n<meta property=\"article:publisher\" content=\"https:\/\/www.facebook.com\/ferrovial\" \/>\n<meta property=\"article:modified_time\" content=\"2022-09-28T14:45:21+00:00\" \/>\n<meta name=\"twitter:card\" content=\"summary_large_image\" \/>\n<meta name=\"twitter:site\" content=\"@ferrovial\" \/>\n<meta name=\"twitter:label1\" content=\"Tiempo de lectura\" \/>\n\t<meta name=\"twitter:data1\" content=\"2 minutos\" \/>\n<!-- \/ Yoast SEO plugin. -->","yoast_head_json":{"title":"Concurso #UrbanPeek 2022 - Ferrovial","description":"Welcome to the Ferrovial's website, global operator of sustainable infrastructure. Here you can find all the information about the company and subsidiaries.","robots":{"index":"index","follow":"follow","max-snippet":"max-snippet:-1","max-image-preview":"max-image-preview:large","max-video-preview":"max-video-preview:-1"},"canonical":"https:\/\/www.ferrovial.com\/es-es\/concurso-fotografia-urbanpeek-2022\/","og_locale":"es_ES","og_type":"article","og_title":"Concurso #UrbanPeek 2022 - Ferrovial","og_description":"Welcome to the Ferrovial's website, global operator of sustainable infrastructure. Here you can find all the information about the company and subsidiaries.","og_url":"https:\/\/www.ferrovial.com\/es-es\/concurso-fotografia-urbanpeek-2022\/","og_site_name":"Ferrovial","article_publisher":"https:\/\/www.facebook.com\/ferrovial","article_modified_time":"2022-09-28T14:45:21+00:00","twitter_card":"summary_large_image","twitter_site":"@ferrovial","twitter_misc":{"Tiempo de lectura":"2 minutos"},"schema":{"@context":"https:\/\/schema.org","@graph":[{"@type":"WebPage","@id":"https:\/\/www.ferrovial.com\/es-es\/concurso-fotografia-urbanpeek-2022\/","url":"https:\/\/www.ferrovial.com\/es-es\/concurso-fotografia-urbanpeek-2022\/","name":"Concurso #UrbanPeek 2022 - Ferrovial","isPartOf":{"@id":"https:\/\/www.ferrovial.com\/es-es\/#website"},"datePublished":"2022-09-01T10:25:17+00:00","dateModified":"2022-09-28T14:45:21+00:00","description":"Welcome to the Ferrovial's website, global operator of sustainable infrastructure. Here you can find all the information about the company and subsidiaries.","breadcrumb":{"@id":"https:\/\/www.ferrovial.com\/es-es\/concurso-fotografia-urbanpeek-2022\/#breadcrumb"},"inLanguage":"es","potentialAction":[{"@type":"ReadAction","target":["https:\/\/www.ferrovial.com\/es-es\/concurso-fotografia-urbanpeek-2022\/"]}]},{"@type":"BreadcrumbList","@id":"https:\/\/www.ferrovial.com\/es-es\/concurso-fotografia-urbanpeek-2022\/#breadcrumb","itemListElement":[{"@type":"ListItem","position":1,"name":"Portada","item":"https:\/\/www.ferrovial.com\/es-es\/"},{"@type":"ListItem","position":2,"name":"Concurso #UrbanPeek 2022"}]},{"@type":"WebSite","@id":"https:\/\/www.ferrovial.com\/es-es\/#website","url":"https:\/\/www.ferrovial.com\/es-es\/","name":"Ferrovial","description":"Welcome to the Ferrovial&#039;s website, global operator of sustainable infrastructure. Here you can find all the information about the company and subsidiaries.","publisher":{"@id":"https:\/\/www.ferrovial.com\/es-es\/#organization"},"potentialAction":[{"@type":"SearchAction","target":{"@type":"EntryPoint","urlTemplate":"https:\/\/www.ferrovial.com\/es-es\/?s={search_term_string}"},"query-input":{"@type":"PropertyValueSpecification","valueRequired":true,"valueName":"search_term_string"}}],"inLanguage":"es"},{"@type":"Organization","@id":"https:\/\/www.ferrovial.com\/es-es\/#organization","name":"Ferrovial S.A.","url":"https:\/\/www.ferrovial.com\/es-es\/","logo":{"@type":"ImageObject","inLanguage":"es","@id":"https:\/\/www.ferrovial.com\/es-es\/#\/schema\/logo\/image\/","url":"https:\/\/static.ferrovial.com\/wp-content\/uploads\/2020\/01\/13124948\/logo-ferrovial-cf7.png","contentUrl":"https:\/\/static.ferrovial.com\/wp-content\/uploads\/2020\/01\/13124948\/logo-ferrovial-cf7.png","width":144,"height":32,"caption":"Ferrovial S.A."},"image":{"@id":"https:\/\/www.ferrovial.com\/es-es\/#\/schema\/logo\/image\/"},"sameAs":["https:\/\/www.facebook.com\/ferrovial","https:\/\/x.com\/ferrovial","https:\/\/www.instagram.com\/ferrovial\/","https:\/\/www.linkedin.com\/company\/ferrovial","https:\/\/www.pinterest.es\/ferrovial\/","https:\/\/www.youtube.com\/ferrovial","https:\/\/en.wikipedia.org\/wiki\/Ferrovial"]}]}},"_links":{"self":[{"href":"https:\/\/www.ferrovial.com\/es-es\/wp-json\/wp\/v2\/pages\/238265","targetHints":{"allow":["GET"]}}],"collection":[{"href":"https:\/\/www.ferrovial.com\/es-es\/wp-json\/wp\/v2\/pages"}],"about":[{"href":"https:\/\/www.ferrovial.com\/es-es\/wp-json\/wp\/v2\/types\/page"}],"replies":[{"embeddable":true,"href":"https:\/\/www.ferrovial.com\/es-es\/wp-json\/wp\/v2\/comments?post=238265"}],"version-history":[{"count":3,"href":"https:\/\/www.ferrovial.com\/es-es\/wp-json\/wp\/v2\/pages\/238265\/revisions"}],"predecessor-version":[{"id":239762,"href":"https:\/\/www.ferrovial.com\/es-es\/wp-json\/wp\/v2\/pages\/238265\/revisions\/239762"}],"wp:attachment":[{"href":"https:\/\/www.ferrovial.com\/es-es\/wp-json\/wp\/v2\/media?parent=238265"}],"curies":[{"name":"wp","href":"https:\/\/api.w.org\/{rel}","templated":true}]}}