{"id":261335,"date":"2023-05-19T09:55:30","date_gmt":"2023-05-19T07:55:30","guid":{"rendered":"https:\/\/www.ferrovial.com\/?page_id=261335"},"modified":"2023-10-13T09:29:00","modified_gmt":"2023-10-13T07:29:00","slug":"que-es-el-cambio-climatico","status":"publish","type":"page","link":"https:\/\/www.ferrovial.com\/es\/stem\/que-es-el-cambio-climatico\/","title":{"rendered":"\u00bfQu\u00e9 es el cambio clim\u00e1tico?"},"content":{"rendered":"    <m-final-content-header >\n            <c-breadcrumb label-text=\"Breadcrumb\" slot=\"breadcrumbs\" type='2' align='left' wrap='wrapped wrapped' aria-label='Vienes de STEM'>\n                        <ol>\n\n                                                            <li><a href=\"https:\/\/www.ferrovial.com\/es\/\" title=\"Ferrovial\">Ferrovial<\/a><\/li>\n                                                                        <li><a href=\"https:\/\/www.ferrovial.com\/es\/stem\/\" title=\"STEM\">STEM<\/a><\/li>\n                                    \n                <\/ol>\n\n                <\/c-breadcrumb>\n    \n        <div slot=\"header\">\n            <h1>\n                \u00bfQu\u00e9 es el cambio clim\u00e1tico?            <\/h1>\n                    <\/div>\n    <\/m-final-content-header>\n\n    \n\n\n<m-wysiwig class=\"wp-block-components-wysiwyg\"><div slot=\"maincontent\">\n<script type=\"application\/ld+json\">\n{\n  \"@context\": \"https:\/\/schema.org\",\n  \"@type\": \"FAQPage\",\n  \"mainEntity\": [{\n    \"@type\": \"Question\",\n    \"name\": \"\u00bfQu\u00e9 es el cambio clim\u00e1tico?\",\n    \"acceptedAnswer\": {\n      \"@type\": \"Answer\",\n      \"text\": \"El cambio clim\u00e1tico es la alteraci\u00f3n del clima global del planeta en relaci\u00f3n con sus patrones hist\u00f3ricos. Esta anomal\u00eda puede tener causas naturales, aunque en la Tierra se ha acelerado por consecuencia del desarrollo humano, especialmente desde el siglo XVIII, con el advenimiento de la revoluci\u00f3n industrial y el aumento de la concentraci\u00f3n de gases de efecto invernadero en la atm\u00f3sfera.\"\n    }\n  },{\n    \"@type\": \"Question\",\n    \"name\": \"\u00bfQu\u00e9 ocasiona el cambio clim\u00e1tico?\",\n    \"acceptedAnswer\": {\n      \"@type\": \"Answer\",\n      \"text\": \"En la Tierra, el cambio clim\u00e1tico es causado principalmente por el aumento de la concentraci\u00f3n de gases de efecto invernadero. Estos gases, como el di\u00f3xido de carbono (CO2), el metano (CH4) y el \u00f3xido nitroso (N2O), poseen la capacidad de atrapar el calor que proviene del Sol y rebota en la superficie de la Tierra, junto al que se produce en el propio planeta, y devolverlo contra la Tierra, en lugar de permitir que se libere hacia el espacio.\"\n    }\n  },{\n    \"@type\": \"Question\",\n    \"name\": \"\u00bfQu\u00e9 consecuencias puede tener el cambio clim\u00e1tico?\",\n    \"acceptedAnswer\": {\n      \"@type\": \"Answer\",\n      \"text\": \"La Tierra es el \u00fanico planeta del sistema solar que ofrece las condiciones para el mantenimiento de la vida. La estabilidad de sus patrones clim\u00e1ticos ha permitido el desarrollo de ecosistemas muy complejos a lo largo de millones de a\u00f1os. Algunos cient\u00edficos opinan que el cambio clim\u00e1tico por causas antropog\u00e9nicas no necesariamente implicar\u00eda la desaparici\u00f3n de la especie humana o de la vida en la Tierra, pero s\u00ed puede tener consecuencias muy graves y duraderas en el medio ambiente y la civilizaci\u00f3n.\"\n    }\n  },{\n    \"@type\": \"Question\",\n    \"name\": \"\u00bfC\u00f3mo se puede revertir el cambio clim\u00e1tico?\",\n    \"acceptedAnswer\": {\n      \"@type\": \"Answer\",\n      \"text\": \"Un ejemplo de la capacidad humana para revertir los estragos clim\u00e1ticos, no sin empe\u00f1o, es la recuperaci\u00f3n de la capa de ozono. La mitigaci\u00f3n de los efectos del cambio clim\u00e1tico requiere compromiso, cooperaci\u00f3n y esfuerzos a nivel global.\n\nUna de las medidas m\u00e1s urgentes es la reducci\u00f3n de emisiones de gases de efecto invernadero. Para esto, es muy necesario un cambio en los patrones de consumo y la transici\u00f3n a una econom\u00eda basada en fuentes de energ\u00eda limpia y tecnolog\u00edas renovables, as\u00ed como la implementaci\u00f3n de pol\u00edticas para la gesti\u00f3n de residuos y agricultura sostenible.\"\n    }\n  }]\n}\n<\/script><p>El cambio clim\u00e1tico es la <strong>alteraci\u00f3n del clima global del planeta en relaci\u00f3n con sus patrones hist\u00f3ricos<\/strong>. Esta anomal\u00eda puede tener causas naturales, aunque en la Tierra se ha acelerado por consecuencia del desarrollo humano, especialmente desde el siglo XVIII, con el advenimiento de la revoluci\u00f3n industrial y el aumento de la concentraci\u00f3n de <strong>gases de efecto invernadero <\/strong>en la atm\u00f3sfera.<\/p>\n\n\n\n<p>Hasta hace unos a\u00f1os, a este fen\u00f3meno se le llamaba err\u00f3neamente <strong>calentamiento global<\/strong>, pero lo cierto es que el cambio clim\u00e1tico tiene consecuencias mucho m\u00e1s complejas que la simple elevaci\u00f3n de la temperatura. Se trata, m\u00e1s bien, de la exacerbaci\u00f3n de las manifestaciones clim\u00e1ticas, lo que conlleva el incremento de sequ\u00edas, inundaciones, tormentas, olas de fr\u00edo y calor, subida del nivel del mar, desaparici\u00f3n de h\u00e1bitats, entre otros.<\/p>\n\n\n\n<h2 class=\"wp-block-heading\"><strong>\u00bfQu\u00e9 ocasiona el cambio clim\u00e1tico?<\/strong><\/h2>\n\n\n\n<p>En la Tierra, el cambio clim\u00e1tico es causado principalmente por el aumento de la <strong>concentraci\u00f3n de gases de efecto invernadero<\/strong>. Estos gases, como el di\u00f3xido de carbono (CO2), el metano (CH4) y el \u00f3xido nitroso (N2O), poseen la capacidad de atrapar el calor que proviene del Sol y rebota en la superficie de la Tierra, junto al que se produce en el propio planeta, y devolverlo contra la Tierra, en lugar de permitir que se libere hacia el espacio.<\/p>\n\n\n\n<p>El <strong>efecto invernadero es un proceso natural<\/strong> que ya se daba en la atm\u00f3sfera del planeta con otros gases, como el vapor de agua; sin embargo, <strong>el aumento anormal de elementos con esta cualidad genera un incremento de la temperatura global del planeta<\/strong>. La <strong>actividad humana es la principal causa <\/strong>del aumento de los gases de efecto invernadero en la atm\u00f3sfera, especialmente por la <strong>quema de combustibles f\u00f3siles <\/strong>como el petr\u00f3leo, el gas y el carb\u00f3n para la energ\u00eda y el transporte. Hay otras causas antropog\u00e9nicas de emisi\u00f3n de gases de efecto invernadero, como la deforestaci\u00f3n, la agricultura, la producci\u00f3n de <a href=\"https:\/\/www.ferrovial.com\/es\/recursos\/cemento\/\" target=\"_blank\" rel=\"noreferrer noopener\">cemento<\/a> o la <a href=\"https:\/\/www.ferrovial.com\/es\/recursos\/residuos\/\" target=\"_blank\" rel=\"noreferrer noopener\">eliminaci\u00f3n de residuos<\/a>.<\/p>\n\n\n\n<h2 class=\"wp-block-heading\"><strong>\u00bfQu\u00e9 consecuencias puede tener el cambio clim\u00e1tico?<\/strong><\/h2>\n\n\n\n<p><strong>La Tierra es el \u00fanico planeta del <a href=\"https:\/\/www.ferrovial.com\/es\/stem\/planetas-del-sistema-solar\/\" target=\"_blank\" rel=\"noreferrer noopener\">sistema solar<\/a> que ofrece las condiciones para el mantenimiento de la vida<\/strong>. La estabilidad de sus patrones clim\u00e1ticos ha permitido el desarrollo de ecosistemas muy complejos a lo largo de millones de a\u00f1os. Algunos cient\u00edficos opinan que el cambio clim\u00e1tico por causas antropog\u00e9nicas no necesariamente implicar\u00eda la desaparici\u00f3n de la especie humana o de la vida en la Tierra, pero s\u00ed <strong>puede tener consecuencias muy graves y duraderas en el medio ambiente y la civilizaci\u00f3n<\/strong>.<\/p>\n\n\n\n<p>El compendio de consecuencias es dif\u00edcil de aislar, pero supone, entre muchas otras:<\/p>\n\n\n\n<ul class=\"wp-block-list\">\n<li>Propagaci\u00f3n de <strong>enfermedades<\/strong>.<\/li>\n\n\n\n<li>Dif\u00edcil habitabilidad de porciones del planeta debido al <strong>aumento de las temperaturas<\/strong>.<\/li>\n\n\n\n<li>Aumento de los <strong>costos de mitigaci\u00f3n <\/strong>de las condiciones clim\u00e1ticas.<\/li>\n\n\n\n<li><strong>Da\u00f1os materiales y p\u00e9rdidas de vidas humanas <\/strong>por eventos clim\u00e1ticos m\u00e1s frecuentes y extremos, como sequ\u00edas, inundaciones, tormentas y huracanes.<\/li>\n\n\n\n<li>Reducci\u00f3n de la <strong>productividad agr\u00edcola<\/strong>.<\/li>\n\n\n\n<li>Disminuci\u00f3n de la <strong>pesca y el turismo<\/strong>.<\/li>\n\n\n\n<li><strong>Desplazamientos humanos <\/strong>a causa del cambio de los ecosistemas.<\/li>\n\n\n\n<li>Reducci\u00f3n de la <strong>biodiversidad<\/strong>.<\/li>\n\n\n\n<li>Escasez de <strong>agua<\/strong>.<\/li>\n\n\n\n<li>Cambios significativos en la superficie de la Tierra y la <strong>territorialidad <\/strong>por el derretimiento de los polos y el aumento del nivel del mar.<\/li>\n<\/ul>\n\n\n\n<h2 class=\"wp-block-heading\"><strong>\u00bfC\u00f3mo se puede revertir el cambio clim\u00e1tico?<\/strong><\/h2>\n\n\n\n<p>Un ejemplo de la capacidad humana para revertir los estragos clim\u00e1ticos, no sin empe\u00f1o, es la recuperaci\u00f3n de la capa de ozono. La mitigaci\u00f3n de los efectos del cambio clim\u00e1tico requiere <strong>compromiso, cooperaci\u00f3n y esfuerzos a nivel global<\/strong>.<\/p>\n\n\n\n<p>Una de las medidas m\u00e1s urgentes es la <strong>reducci\u00f3n de emisiones de gases de efecto invernadero<\/strong>. Para esto, es muy necesario un cambio en los patrones de consumo y la transici\u00f3n a una econom\u00eda basada en fuentes de <a href=\"https:\/\/www.ferrovial.com\/es-es\/energias-alternativas\/\" target=\"_blank\" rel=\"noreferrer noopener\">energ\u00eda limpia<\/a> y <strong>tecnolog\u00edas renovables<\/strong>, as\u00ed como la implementaci\u00f3n de pol\u00edticas para la <strong>gesti\u00f3n de residuos <\/strong>y <strong>agricultura sostenible<\/strong>.<\/p>\n\n\n\n<p>Otro compromiso imperioso es la conservaci\u00f3n y recuperaci\u00f3n de <strong>bosques y otros sumideros de carbono<\/strong>. Los bosques, adem\u00e1s de absorber CO2 del aire y almacenarlo a largo plazo, cumplen un papel fundamental en los <strong>ciclos del <\/strong><a href=\"https:\/\/www.ferrovial.com\/es\/recursos\/agua\/\" target=\"_blank\" rel=\"noreferrer noopener\"><strong>agua<\/strong><\/a>, lo que asegura disponibilidad de este importante recurso y mayor estabilidad en los patrones clim\u00e1ticos.<\/p>\n\n\n\n<p>En el sector <strong>construcci\u00f3n<\/strong>, es necesario implementar soluciones para adaptarse a los efectos del cambio clim\u00e1tico, incluyendo la edificaci\u00f3n de infraestructuras resistentes a las nuevas realidades clim\u00e1ticas, la gesti\u00f3n m\u00e1s eficaz de los recursos h\u00eddricos, la protecci\u00f3n de la biodiversidad y la planificaci\u00f3n del uso del suelo; al igual que adoptar tecnolog\u00edas m\u00e1s eficientes y materiales m\u00e1s sostenibles. En Ferrovial, la <a href=\"https:\/\/www.ferrovial.com\/es-es\/sostenibilidad\/rsc\/plan\/\" target=\"_blank\" rel=\"noreferrer noopener\">Estrategia de Sostenibilidad 2030 es el eje central de nuestra compa\u00f1\u00eda<\/a>.<\/p>\n\n\n\n<p>A nivel personal, se pueden tomar medidas para reducir nuestra <a href=\"https:\/\/www.ferrovial.com\/es-es\/sostenibilidad\/medio-ambiente\/huella-carbono\/\">huella de carbono<\/a>, como el uso de <strong>medios de transporte sostenibles<\/strong>, la <strong>reducci\u00f3n del consumo <\/strong>de carne y l\u00e1cteos, la reducci\u00f3n de los residuos y la promoci\u00f3n del <strong>consumo responsable<\/strong>.<\/p>\n<\/div><\/m-wysiwig>\n\n\n    <m-projects-distributor2 :translations='{\n        &quot;prev&quot;:&quot;Anterior&quot;,\n        &quot;next&quot;:&quot;Siguiente&quot;,\n        &quot;paginationseparator&quot;:&quot;de&quot;\n    }'>\n                        <h2 slot=\"title\">\n                Nuestros proyectos destacados                <\/h2>\n                        <a slot='button' title='Conoce nuestros proyectos ' href='https:\/\/www.ferrovial.com\/es\/cintra\/proyectos\/'>\n            Conoce nuestros proyectos         <\/a>\n\n            <\/m-projects-distributor2>\n\n    ","protected":false},"excerpt":{"rendered":"","protected":false},"featured_media":0,"parent":227878,"menu_order":0,"comment_status":"closed","ping_status":"closed","template":"","meta":{"_acf_changed":false,"footnotes":""},"class_list":["post-261335","page","type-page","status-publish","hentry"],"acf":[],"yoast_head":"<!-- This site is optimized with the Yoast SEO plugin v27.2 - https:\/\/yoast.com\/product\/yoast-seo-wordpress\/ -->\n<title>\u00bfQu\u00e9 es el cambio clim\u00e1tico? - Ferrovial<\/title>\n<meta name=\"description\" content=\"El cambio clim\u00e1tico es la alteraci\u00f3n del clima global del planeta en relaci\u00f3n con sus patrones hist\u00f3ricos.\" \/>\n<meta name=\"robots\" content=\"index, follow, max-snippet:-1, max-image-preview:large, max-video-preview:-1\" \/>\n<link rel=\"canonical\" href=\"https:\/\/www.ferrovial.com\/es\/stem\/que-es-el-cambio-climatico\/\" \/>\n<meta property=\"og:locale\" content=\"es_ES\" \/>\n<meta property=\"og:type\" content=\"article\" \/>\n<meta property=\"og:title\" content=\"\u00bfQu\u00e9 es el cambio clim\u00e1tico? - Ferrovial\" \/>\n<meta property=\"og:description\" content=\"El cambio clim\u00e1tico es la alteraci\u00f3n del clima global del planeta en relaci\u00f3n con sus patrones hist\u00f3ricos.\" \/>\n<meta property=\"og:url\" content=\"https:\/\/www.ferrovial.com\/es\/stem\/que-es-el-cambio-climatico\/\" \/>\n<meta property=\"og:site_name\" content=\"Ferrovial\" \/>\n<meta property=\"article:publisher\" content=\"https:\/\/www.facebook.com\/ferrovial\" \/>\n<meta property=\"article:modified_time\" content=\"2023-10-13T07:29:00+00:00\" \/>\n<meta name=\"twitter:card\" content=\"summary_large_image\" \/>\n<meta name=\"twitter:site\" content=\"@ferrovial\" \/>\n<meta name=\"twitter:label1\" content=\"Est. reading time\" \/>\n\t<meta name=\"twitter:data1\" content=\"4 minutos\" \/>\n<!-- \/ Yoast SEO plugin. -->","yoast_head_json":{"title":"\u00bfQu\u00e9 es el cambio clim\u00e1tico? - Ferrovial","description":"El cambio clim\u00e1tico es la alteraci\u00f3n del clima global del planeta en relaci\u00f3n con sus patrones hist\u00f3ricos.","robots":{"index":"index","follow":"follow","max-snippet":"max-snippet:-1","max-image-preview":"max-image-preview:large","max-video-preview":"max-video-preview:-1"},"canonical":"https:\/\/www.ferrovial.com\/es\/stem\/que-es-el-cambio-climatico\/","og_locale":"es_ES","og_type":"article","og_title":"\u00bfQu\u00e9 es el cambio clim\u00e1tico? - Ferrovial","og_description":"El cambio clim\u00e1tico es la alteraci\u00f3n del clima global del planeta en relaci\u00f3n con sus patrones hist\u00f3ricos.","og_url":"https:\/\/www.ferrovial.com\/es\/stem\/que-es-el-cambio-climatico\/","og_site_name":"Ferrovial","article_publisher":"https:\/\/www.facebook.com\/ferrovial","article_modified_time":"2023-10-13T07:29:00+00:00","twitter_card":"summary_large_image","twitter_site":"@ferrovial","twitter_misc":{"Est. reading time":"4 minutos"},"schema":{"@context":"https:\/\/schema.org","@graph":[{"@type":"WebPage","@id":"https:\/\/www.ferrovial.com\/es\/stem\/que-es-el-cambio-climatico\/","url":"https:\/\/www.ferrovial.com\/es\/stem\/que-es-el-cambio-climatico\/","name":"\u00bfQu\u00e9 es el cambio clim\u00e1tico? - Ferrovial","isPartOf":{"@id":"https:\/\/www.ferrovial.com\/es\/#website"},"datePublished":"2023-05-19T07:55:30+00:00","dateModified":"2023-10-13T07:29:00+00:00","description":"El cambio clim\u00e1tico es la alteraci\u00f3n del clima global del planeta en relaci\u00f3n con sus patrones hist\u00f3ricos.","breadcrumb":{"@id":"https:\/\/www.ferrovial.com\/es\/stem\/que-es-el-cambio-climatico\/#breadcrumb"},"inLanguage":"es","potentialAction":[{"@type":"ReadAction","target":["https:\/\/www.ferrovial.com\/es\/stem\/que-es-el-cambio-climatico\/"]}]},{"@type":"BreadcrumbList","@id":"https:\/\/www.ferrovial.com\/es\/stem\/que-es-el-cambio-climatico\/#breadcrumb","itemListElement":[{"@type":"ListItem","position":1,"name":"Portada","item":"https:\/\/www.ferrovial.com\/es\/"},{"@type":"ListItem","position":2,"name":"STEM","item":"https:\/\/www.ferrovial.com\/es\/stem\/"},{"@type":"ListItem","position":3,"name":"\u00bfQu\u00e9 es el cambio clim\u00e1tico?"}]},{"@type":"WebSite","@id":"https:\/\/www.ferrovial.com\/es\/#website","url":"https:\/\/www.ferrovial.com\/es\/","name":"Ferrovial","description":"Welcome to the Ferrovial&#039;s website, global operator of sustainable infrastructure. Here you can find all the information about the company and subsidiaries.","publisher":{"@id":"https:\/\/www.ferrovial.com\/es\/#organization"},"potentialAction":[{"@type":"SearchAction","target":{"@type":"EntryPoint","urlTemplate":"https:\/\/www.ferrovial.com\/es\/?s={search_term_string}"},"query-input":{"@type":"PropertyValueSpecification","valueRequired":true,"valueName":"search_term_string"}}],"inLanguage":"es"},{"@type":"Organization","@id":"https:\/\/www.ferrovial.com\/es\/#organization","name":"Ferrovial S.A.","url":"https:\/\/www.ferrovial.com\/es\/","logo":{"@type":"ImageObject","inLanguage":"es","@id":"https:\/\/www.ferrovial.com\/es\/#\/schema\/logo\/image\/","url":"https:\/\/static.ferrovial.com\/wp-content\/uploads\/2020\/01\/13124948\/logo-ferrovial-cf7.png","contentUrl":"https:\/\/static.ferrovial.com\/wp-content\/uploads\/2020\/01\/13124948\/logo-ferrovial-cf7.png","width":144,"height":32,"caption":"Ferrovial S.A."},"image":{"@id":"https:\/\/www.ferrovial.com\/es\/#\/schema\/logo\/image\/"},"sameAs":["https:\/\/www.facebook.com\/ferrovial","https:\/\/x.com\/ferrovial","https:\/\/www.instagram.com\/ferrovial\/","https:\/\/www.linkedin.com\/company\/ferrovial","https:\/\/www.pinterest.es\/ferrovial\/","https:\/\/www.youtube.com\/ferrovial","https:\/\/en.wikipedia.org\/wiki\/Ferrovial"]}]}},"_links":{"self":[{"href":"https:\/\/www.ferrovial.com\/es\/wp-json\/wp\/v2\/pages\/261335","targetHints":{"allow":["GET"]}}],"collection":[{"href":"https:\/\/www.ferrovial.com\/es\/wp-json\/wp\/v2\/pages"}],"about":[{"href":"https:\/\/www.ferrovial.com\/es\/wp-json\/wp\/v2\/types\/page"}],"replies":[{"embeddable":true,"href":"https:\/\/www.ferrovial.com\/es\/wp-json\/wp\/v2\/comments?post=261335"}],"version-history":[{"count":2,"href":"https:\/\/www.ferrovial.com\/es\/wp-json\/wp\/v2\/pages\/261335\/revisions"}],"predecessor-version":[{"id":269579,"href":"https:\/\/www.ferrovial.com\/es\/wp-json\/wp\/v2\/pages\/261335\/revisions\/269579"}],"up":[{"embeddable":true,"href":"https:\/\/www.ferrovial.com\/es\/wp-json\/wp\/v2\/pages\/227878"}],"wp:attachment":[{"href":"https:\/\/www.ferrovial.com\/es\/wp-json\/wp\/v2\/media?parent=261335"}],"curies":[{"name":"wp","href":"https:\/\/api.w.org\/{rel}","templated":true}]}}